{"id":208,"date":"2022-09-26T12:13:51","date_gmt":"2022-09-26T10:13:51","guid":{"rendered":"https:\/\/www.regnumchristi.eu\/messintentionen\/?page_id=208"},"modified":"2023-01-18T12:27:06","modified_gmt":"2023-01-18T11:27:06","slug":"ueber-uns","status":"publish","type":"page","link":"https:\/\/www.regnumchristi.eu\/messintentionen\/ueber-uns\/","title":{"rendered":"\u00dcber uns"},"content":{"rendered":"\t\t<div data-elementor-type=\"wp-post\" data-elementor-id=\"208\" class=\"elementor elementor-208\" data-elementor-post-type=\"page\">\n\t\t\t\t<div class=\"elementor-element elementor-element-143c319 e-flex e-con-boxed e-con e-parent\" data-id=\"143c319\" data-element_type=\"container\">\n\t\t\t\t\t<div class=\"e-con-inner\">\n\t\t\t\t<div class=\"elementor-element elementor-element-848d7ec elementor-widget__width-inherit elementor-widget elementor-widget-heading\" data-id=\"848d7ec\" data-element_type=\"widget\" data-widget_type=\"heading.default\">\n\t\t\t\t<div class=\"elementor-widget-container\">\n\t\t\t\t\t<h2 class=\"elementor-heading-title elementor-size-default\">Wem kommen Ihre Mess-Stipendien zugute?<\/h2>\t\t\t\t<\/div>\n\t\t\t\t<\/div>\n\t\t<div class=\"elementor-element elementor-element-a9715d7 e-con-full e-flex e-con e-parent\" data-id=\"a9715d7\" data-element_type=\"container\">\n\t\t\t\t<div class=\"elementor-element elementor-element-126f3d8 elementor-widget__width-inherit elementor-widget elementor-widget-text-editor\" data-id=\"126f3d8\" data-element_type=\"widget\" data-widget_type=\"text-editor.default\">\n\t\t\t\t<div class=\"elementor-widget-container\">\n\t\t\t\t\t\t\t\t\t<p>Die Priesterkongregation der Legion\u00e4re Christi wurde 1941 gegr\u00fcndet, sie geh\u00f6rt damit zu den jungen Gemeinschaften in der katholischen Kirche. Derzeit geh\u00f6ren ihr 950 Priester an, welche in den unterschiedlichsten Bereichen der Seelsorge und Mission t\u00e4tig sind, ob in Universit\u00e4ten, in der Kinder- und Jugendseelsorge, in Pfarreien, in der Ehepastoral, im Mexikanischen Dschungel, in globalen Gro\u00dfst\u00e4dten oder direkt in der pers\u00f6nlichen Begleitung in ca. 21 L\u00e4ndern weltweit. Seit 1988 gibt es die Legion\u00e4re Christi in Deutschland.<\/p><p>Gottes Liebe will uns ber\u00fchren. Jesus Christus in die Herzen der Menschen zu bringen, ist das Ziel, dem all unser Wirken entspringt. Wer Gott erfahren und Christus begegnen durfte, wird von seiner Liebe entflammt. Wir wollen Menschen in ihrer Suche nach Gott begleiten und best\u00e4rken. Die Sendung unserer Gemeinschaft ist es, das Reich Christi, das die Liebe ist, unter den Menschen zu verk\u00fcnden und auszubreiten. In der Kirche sehen wir unseren Auftrag darin, Freude und Begeisterung f\u00fcr Christus und sein Evangelium zu entfachen. Ein besonderes Anliegen ist uns daher die Feier der heiligen Messe, aus der wir alle Kraft f\u00fcr unser missionarisches Wirken sch\u00f6pfen.<\/p><p>Durch die Tradition der Messintentionen erhalten wir den pers\u00f6nlichen Kontakt zu unseren Priestern in der Mission, und k\u00f6nnen uns so ihrer N\u00f6te annehmen. Egal ob gro\u00df oder klein, egal welche Bitten Sie im Herzen tragen \u2013 in der Mission und am Altar k\u00fcmmern wir uns um die Anliegen der Menschen und bringen sie im Gebet vor Gott.<\/p>\t\t\t\t\t\t\t\t<\/div>\n\t\t\t\t<\/div>\n\t\t\t\t<div class=\"elementor-element elementor-element-6ecd439 elementor-widget elementor-widget-text-editor\" data-id=\"6ecd439\" data-element_type=\"widget\" data-widget_type=\"text-editor.default\">\n\t\t\t\t<div class=\"elementor-widget-container\">\n\t\t\t\t\t\t\t\t\t<p>Der Glaube, der in der Liebe wirksam ist (Gal 5,6), kann f\u00fcr uns zu einem neuen Ma\u00dfstab f\u00fcr unser Denken und Tun werden, das in der Lage ist, das ganze Leben des Menschen zu ver\u00e4ndern.<\/p><p>(Benedikt XVI.)<\/p>\t\t\t\t\t\t\t\t<\/div>\n\t\t\t\t<\/div>\n\t\t\t\t<\/div>\n\t\t\t\t<div class=\"elementor-element elementor-element-3bc5ce3 elementor-widget__width-initial elementor-widget-mobile__width-inherit elementor-widget elementor-widget-image\" data-id=\"3bc5ce3\" data-element_type=\"widget\" data-widget_type=\"image.default\">\n\t\t\t\t<div class=\"elementor-widget-container\">\n\t\t\t\t\t\t\t\t\t\t\t\t\t\t\t<img fetchpriority=\"high\" decoding=\"async\" width=\"1512\" height=\"990\" src=\"https:\/\/www.regnumchristi.eu\/messintentionen\/wp-content\/uploads\/2022\/09\/Gruppe-mit-Priester.jpg\" class=\"attachment-full size-full wp-image-19\" alt=\"\" srcset=\"https:\/\/www.regnumchristi.eu\/messintentionen\/wp-content\/uploads\/2022\/09\/Gruppe-mit-Priester.jpg 1512w, https:\/\/www.regnumchristi.eu\/messintentionen\/wp-content\/uploads\/2022\/09\/Gruppe-mit-Priester-300x196.jpg 300w, https:\/\/www.regnumchristi.eu\/messintentionen\/wp-content\/uploads\/2022\/09\/Gruppe-mit-Priester-1024x670.jpg 1024w, https:\/\/www.regnumchristi.eu\/messintentionen\/wp-content\/uploads\/2022\/09\/Gruppe-mit-Priester-768x503.jpg 768w\" sizes=\"(max-width: 1512px) 100vw, 1512px\" \/>\t\t\t\t\t\t\t\t\t\t\t\t\t\t\t<\/div>\n\t\t\t\t<\/div>\n\t\t\t\t\t<\/div>\n\t\t\t\t<\/div>\n\t\t<div class=\"elementor-element elementor-element-c97f4f7 e-con-full e-flex e-con e-parent\" data-id=\"c97f4f7\" data-element_type=\"container\">\n\t\t\t\t<div class=\"elementor-element elementor-element-4478ee8 elementor-widget__width-inherit elementor-widget elementor-widget-heading\" data-id=\"4478ee8\" data-element_type=\"widget\" data-widget_type=\"heading.default\">\n\t\t\t\t<div class=\"elementor-widget-container\">\n\t\t\t\t\t<h2 class=\"elementor-heading-title elementor-size-default\">Eine Auswahl der Priester, die Ihre Messe feiern w\u00fcrden!<\/h2>\t\t\t\t<\/div>\n\t\t\t\t<\/div>\n\t\t<div class=\"elementor-element elementor-element-cfc1227 e-con-full e-flex e-con e-parent\" data-id=\"cfc1227\" data-element_type=\"container\">\n\t\t<div class=\"elementor-element elementor-element-b90cb08 e-con-full e-flex e-con e-parent\" data-id=\"b90cb08\" data-element_type=\"container\">\n\t\t\t\t<div class=\"elementor-element elementor-element-b710909 elementor-flip-box--effect-fade elementor-widget elementor-widget-flip-box\" data-id=\"b710909\" data-element_type=\"widget\" data-widget_type=\"flip-box.default\">\n\t\t\t\t<div class=\"elementor-widget-container\">\n\t\t\t\t\t\t\t<div class=\"elementor-flip-box\" tabindex=\"0\">\n\t\t\t<div class=\"elementor-flip-box__layer elementor-flip-box__front\">\n\t\t\t\t<div class=\"elementor-flip-box__layer__overlay\">\n\t\t\t\t\t<div class=\"elementor-flip-box__layer__inner\">\n\t\t\t\t\t\t\n\t\t\t\t\t\t\n\t\t\t\t\t\t\t\t\t\t\t<\/div>\n\t\t\t\t<\/div>\n\t\t\t<\/div>\n\t\t\t<div class=\"elementor-flip-box__layer elementor-flip-box__back\">\n\t\t\t<div class=\"elementor-flip-box__layer__overlay\">\n\t\t\t\t<div class=\"elementor-flip-box__layer__inner\">\n\t\t\t\t\t\n\t\t\t\t\t\n\t\t\t\t\t\t\t\t<\/div>\n\t\t<\/div>\n\t\t<\/div>\n\t\t<\/div>\n\t\t\t\t\t\t<\/div>\n\t\t\t\t<\/div>\n\t\t\t\t<div class=\"elementor-element elementor-element-321fc9b elementor-widget-tablet__width-inherit elementor-widget elementor-widget-heading\" data-id=\"321fc9b\" data-element_type=\"widget\" data-widget_type=\"heading.default\">\n\t\t\t\t<div class=\"elementor-widget-container\">\n\t\t\t\t\t<h2 class=\"elementor-heading-title elementor-size-default\">P. Nikolaus Klemeyer LC<\/h2>\t\t\t\t<\/div>\n\t\t\t\t<\/div>\n\t\t\t\t<div class=\"elementor-element elementor-element-c89c6ac elementor-widget-tablet__width-inherit elementor-widget-mobile__width-inherit elementor-widget elementor-widget-text-editor\" data-id=\"c89c6ac\" data-element_type=\"widget\" data-widget_type=\"text-editor.default\">\n\t\t\t\t<div class=\"elementor-widget-container\">\n\t\t\t\t\t\t\t\t\t<p>Mit 18 Jahren trat ich 2003 in das Noviziat der Legion\u00e4re Christi ein und wurde 2016 zum Priester geweiht. Seitdem bin ich selbst in der Ausbildung unserer Novizen t\u00e4tig, seit 2021 als Novizenmeister f\u00fcr unser <a href=\"https:\/\/www.regnumchristi.eu\/de\/orden-und-gottgeweihte\/berufung\/das-noviziat\/?mtm_campaign=homepage&amp;mtm_kwd=messintentionen\">europ\u00e4isches Noviziat in Spanien.<\/a> Mir ist es wichtig, unseren Novizen von Beginn an die Bedeutung der Messintentionen nahe zu bringen: Die Anliegen erinnern mich daran, dass die Eucharistie eben nicht nur ein pers\u00f6nliches Fr\u00f6mmigkeitsgebet ist, sondern Liturgie der gesamten Kirche. Man gliedert sich dadurch in etwas Gro\u00dfes ein, das mich als Person und Priester \u00fcbersteigt, aber auch erhebt.<\/p>\t\t\t\t\t\t\t\t<\/div>\n\t\t\t\t<\/div>\n\t\t\t\t<div class=\"elementor-element elementor-element-eb2b130 elementor-hidden-desktop elementor-widget-divider--view-line elementor-widget elementor-widget-divider\" data-id=\"eb2b130\" data-element_type=\"widget\" data-widget_type=\"divider.default\">\n\t\t\t\t<div class=\"elementor-widget-container\">\n\t\t\t\t\t\t\t<div class=\"elementor-divider\">\n\t\t\t<span class=\"elementor-divider-separator\">\n\t\t\t\t\t\t<\/span>\n\t\t<\/div>\n\t\t\t\t\t\t<\/div>\n\t\t\t\t<\/div>\n\t\t\t\t<\/div>\n\t\t<div class=\"elementor-element elementor-element-385099b e-con-full e-flex e-con e-parent\" data-id=\"385099b\" data-element_type=\"container\">\n\t\t\t\t<div class=\"elementor-element elementor-element-86824c1 elementor-flip-box--effect-fade elementor-widget elementor-widget-flip-box\" data-id=\"86824c1\" data-element_type=\"widget\" data-widget_type=\"flip-box.default\">\n\t\t\t\t<div class=\"elementor-widget-container\">\n\t\t\t\t\t\t\t<div class=\"elementor-flip-box\" tabindex=\"0\">\n\t\t\t<div class=\"elementor-flip-box__layer elementor-flip-box__front\">\n\t\t\t\t<div class=\"elementor-flip-box__layer__overlay\">\n\t\t\t\t\t<div class=\"elementor-flip-box__layer__inner\">\n\t\t\t\t\t\t\n\t\t\t\t\t\t\n\t\t\t\t\t\t\t\t\t\t\t<\/div>\n\t\t\t\t<\/div>\n\t\t\t<\/div>\n\t\t\t<div class=\"elementor-flip-box__layer elementor-flip-box__back\">\n\t\t\t<div class=\"elementor-flip-box__layer__overlay\">\n\t\t\t\t<div class=\"elementor-flip-box__layer__inner\">\n\t\t\t\t\t\n\t\t\t\t\t\n\t\t\t\t\t\t\t\t<\/div>\n\t\t<\/div>\n\t\t<\/div>\n\t\t<\/div>\n\t\t\t\t\t\t<\/div>\n\t\t\t\t<\/div>\n\t\t\t\t<div class=\"elementor-element elementor-element-fee3fe8 elementor-widget-tablet__width-inherit elementor-widget elementor-widget-heading\" data-id=\"fee3fe8\" data-element_type=\"widget\" data-widget_type=\"heading.default\">\n\t\t\t\t<div class=\"elementor-widget-container\">\n\t\t\t\t\t<h2 class=\"elementor-heading-title elementor-size-default\">P. Raphael Ballestrem LC<\/h2>\t\t\t\t<\/div>\n\t\t\t\t<\/div>\n\t\t\t\t<div class=\"elementor-element elementor-element-ccf3696 elementor-widget-tablet__width-inherit elementor-widget-mobile__width-inherit elementor-widget elementor-widget-text-editor\" data-id=\"ccf3696\" data-element_type=\"widget\" data-widget_type=\"text-editor.default\">\n\t\t\t\t<div class=\"elementor-widget-container\">\n\t\t\t\t\t\t\t\t\t<p>\u00dcber die Jugendarbeit habe ich das Regnum Christi kennengelernt und darf seit meiner Diakonenweihe 2018 nun selbst die <a href=\"https:\/\/www.ecyd.eu\/?mtm_campaign=homepage&amp;mtm_kwd=messintentionen\">Kinder- und Jugendpastoral des Regnum Christi<\/a> in Nordrhein-Westfalen leiten. H\u00e4ufig feiere ich mit den Jugendlichen die Eucharistie in unserem <a href=\"https:\/\/www.apostelhaus-ratingen.de\/?mtm_campaign=homepage&amp;mtm_kwd=messintentionen\">ApostelHaus in Ratingen<\/a> und wir beten gemeinsam f\u00fcr die mir anvertrauten Anliegen, Sorgen und Bitten. Seit meiner Priesterweihe ist die Eucharistiefeier der wichtigste Moment, um diese Anliegen vor den Herrn zu bringen.<\/p>\t\t\t\t\t\t\t\t<\/div>\n\t\t\t\t<\/div>\n\t\t\t\t<div class=\"elementor-element elementor-element-479d04e elementor-hidden-desktop elementor-widget-divider--view-line elementor-widget elementor-widget-divider\" data-id=\"479d04e\" data-element_type=\"widget\" data-widget_type=\"divider.default\">\n\t\t\t\t<div class=\"elementor-widget-container\">\n\t\t\t\t\t\t\t<div class=\"elementor-divider\">\n\t\t\t<span class=\"elementor-divider-separator\">\n\t\t\t\t\t\t<\/span>\n\t\t<\/div>\n\t\t\t\t\t\t<\/div>\n\t\t\t\t<\/div>\n\t\t\t\t<\/div>\n\t\t<div class=\"elementor-element elementor-element-3b549d8 e-con-full e-flex e-con e-parent\" data-id=\"3b549d8\" data-element_type=\"container\">\n\t\t\t\t<div class=\"elementor-element elementor-element-8b596e7 elementor-flip-box--effect-fade elementor-widget elementor-widget-flip-box\" data-id=\"8b596e7\" data-element_type=\"widget\" data-widget_type=\"flip-box.default\">\n\t\t\t\t<div class=\"elementor-widget-container\">\n\t\t\t\t\t\t\t<div class=\"elementor-flip-box\" tabindex=\"0\">\n\t\t\t<div class=\"elementor-flip-box__layer elementor-flip-box__front\">\n\t\t\t\t<div class=\"elementor-flip-box__layer__overlay\">\n\t\t\t\t\t<div class=\"elementor-flip-box__layer__inner\">\n\t\t\t\t\t\t\n\t\t\t\t\t\t\n\t\t\t\t\t\t\t\t\t\t\t<\/div>\n\t\t\t\t<\/div>\n\t\t\t<\/div>\n\t\t\t<div class=\"elementor-flip-box__layer elementor-flip-box__back\">\n\t\t\t<div class=\"elementor-flip-box__layer__overlay\">\n\t\t\t\t<div class=\"elementor-flip-box__layer__inner\">\n\t\t\t\t\t\n\t\t\t\t\t\n\t\t\t\t\t\t\t\t<\/div>\n\t\t<\/div>\n\t\t<\/div>\n\t\t<\/div>\n\t\t\t\t\t\t<\/div>\n\t\t\t\t<\/div>\n\t\t\t\t<div class=\"elementor-element elementor-element-68884bb elementor-widget-tablet__width-inherit elementor-widget elementor-widget-heading\" data-id=\"68884bb\" data-element_type=\"widget\" data-widget_type=\"heading.default\">\n\t\t\t\t<div class=\"elementor-widget-container\">\n\t\t\t\t\t<h2 class=\"elementor-heading-title elementor-size-default\">P. Georg Rota LC<\/h2>\t\t\t\t<\/div>\n\t\t\t\t<\/div>\n\t\t\t\t<div class=\"elementor-element elementor-element-bfbcacb elementor-widget-tablet__width-inherit elementor-widget-mobile__width-inherit elementor-widget elementor-widget-text-editor\" data-id=\"bfbcacb\" data-element_type=\"widget\" data-widget_type=\"text-editor.default\">\n\t\t\t\t<div class=\"elementor-widget-container\">\n\t\t\t\t\t\t\t\t\t<p>Die Eucharistie ist mein pers\u00f6nlicher H\u00f6hepunkt eines jeden Tages. Ich lege dort alle Anliegen der Menschen, denen ich begegne, auf den Altar und glaube, dass Gott, so wie er Brot in seinen Leib verwandelt, auch unsere Anliegen, Freuden und Leiden bei sich aufnimmt.<\/p><p>Nachdem ich mehrere Jahre Jugendseelsorger in Bayern war, bin ich seit 2020 Oberer unserer Gemeinschaft in Wien und darf die jungen Menschen in unserem \u201e<a href=\"https:\/\/zentrum-johannes-paul-ii.at\/?mtm_campaign=homepage&amp;mtm_kwd=messintentionen\">Zentrum Johannes Paul II<\/a>.\u201c auf ihrem Weg mit Christus begleiten.<\/p>\t\t\t\t\t\t\t\t<\/div>\n\t\t\t\t<\/div>\n\t\t\t\t<div class=\"elementor-element elementor-element-bee9aed elementor-hidden-desktop elementor-widget-divider--view-line elementor-widget elementor-widget-divider\" data-id=\"bee9aed\" data-element_type=\"widget\" data-widget_type=\"divider.default\">\n\t\t\t\t<div class=\"elementor-widget-container\">\n\t\t\t\t\t\t\t<div class=\"elementor-divider\">\n\t\t\t<span class=\"elementor-divider-separator\">\n\t\t\t\t\t\t<\/span>\n\t\t<\/div>\n\t\t\t\t\t\t<\/div>\n\t\t\t\t<\/div>\n\t\t\t\t<\/div>\n\t\t<div class=\"elementor-element elementor-element-2485802 e-con-full e-flex e-con e-parent\" data-id=\"2485802\" data-element_type=\"container\">\n\t\t\t\t<div class=\"elementor-element elementor-element-26f8e18 elementor-flip-box--effect-fade elementor-widget elementor-widget-flip-box\" data-id=\"26f8e18\" data-element_type=\"widget\" data-widget_type=\"flip-box.default\">\n\t\t\t\t<div class=\"elementor-widget-container\">\n\t\t\t\t\t\t\t<div class=\"elementor-flip-box\" tabindex=\"0\">\n\t\t\t<div class=\"elementor-flip-box__layer elementor-flip-box__front\">\n\t\t\t\t<div class=\"elementor-flip-box__layer__overlay\">\n\t\t\t\t\t<div class=\"elementor-flip-box__layer__inner\">\n\t\t\t\t\t\t\n\t\t\t\t\t\t\n\t\t\t\t\t\t\t\t\t\t\t<\/div>\n\t\t\t\t<\/div>\n\t\t\t<\/div>\n\t\t\t<div class=\"elementor-flip-box__layer elementor-flip-box__back\">\n\t\t\t<div class=\"elementor-flip-box__layer__overlay\">\n\t\t\t\t<div class=\"elementor-flip-box__layer__inner\">\n\t\t\t\t\t\n\t\t\t\t\t\n\t\t\t\t\t\t\t\t<\/div>\n\t\t<\/div>\n\t\t<\/div>\n\t\t<\/div>\n\t\t\t\t\t\t<\/div>\n\t\t\t\t<\/div>\n\t\t\t\t<div class=\"elementor-element elementor-element-9b6d0b3 elementor-widget-tablet__width-inherit elementor-widget elementor-widget-heading\" data-id=\"9b6d0b3\" data-element_type=\"widget\" data-widget_type=\"heading.default\">\n\t\t\t\t<div class=\"elementor-widget-container\">\n\t\t\t\t\t<h2 class=\"elementor-heading-title elementor-size-default\">P. Konstantin Ballestrem LC<\/h2>\t\t\t\t<\/div>\n\t\t\t\t<\/div>\n\t\t\t\t<div class=\"elementor-element elementor-element-62b8e7b elementor-widget-tablet__width-inherit elementor-widget-mobile__width-inherit elementor-widget elementor-widget-text-editor\" data-id=\"62b8e7b\" data-element_type=\"widget\" data-widget_type=\"text-editor.default\">\n\t\t\t\t<div class=\"elementor-widget-container\">\n\t\t\t\t\t\t\t\t\t<p>1996 trat ich in unser Noviziat in Bad M\u00fcnstereifel ein und wurde 2007 zum Priester geweiht. Viele Jahre war ich als Novizenmeister in Deutschland t\u00e4tig und bin seit 2020 mit der Leitung des <a href=\"https:\/\/ursulinenkloster-koenigstein.de\/geistliches-zentrum\/\">geistlichen Zentrums St. Angela in K\u00f6nigstein<\/a> betraut.<\/p><p>Dort feiere ich t\u00e4glich die Eucharistie in den mir anvertrauten Anliegen. Wenn ich den Kelch mit dem kostbaren Blut Christi erhebe und darum bitte, dass dieses Blut auf uns herabkomme, uns heile, heilige und in Barmherzigkeit wasche: Das ist die sch\u00f6nste Art f\u00fcr das Anliegen der Messe zu beten.<\/p>\t\t\t\t\t\t\t\t<\/div>\n\t\t\t\t<\/div>\n\t\t\t\t<div class=\"elementor-element elementor-element-59cdab4 elementor-hidden-desktop elementor-widget-divider--view-line elementor-widget elementor-widget-divider\" data-id=\"59cdab4\" data-element_type=\"widget\" data-widget_type=\"divider.default\">\n\t\t\t\t<div class=\"elementor-widget-container\">\n\t\t\t\t\t\t\t<div class=\"elementor-divider\">\n\t\t\t<span class=\"elementor-divider-separator\">\n\t\t\t\t\t\t<\/span>\n\t\t<\/div>\n\t\t\t\t\t\t<\/div>\n\t\t\t\t<\/div>\n\t\t\t\t<\/div>\n\t\t<div class=\"elementor-element elementor-element-92615e8 e-con-full e-flex e-con e-parent\" data-id=\"92615e8\" data-element_type=\"container\">\n\t\t\t\t<div class=\"elementor-element elementor-element-3858f89 elementor-flip-box--effect-fade elementor-widget elementor-widget-flip-box\" data-id=\"3858f89\" data-element_type=\"widget\" data-widget_type=\"flip-box.default\">\n\t\t\t\t<div class=\"elementor-widget-container\">\n\t\t\t\t\t\t\t<div class=\"elementor-flip-box\" tabindex=\"0\">\n\t\t\t<div class=\"elementor-flip-box__layer elementor-flip-box__front\">\n\t\t\t\t<div class=\"elementor-flip-box__layer__overlay\">\n\t\t\t\t\t<div class=\"elementor-flip-box__layer__inner\">\n\t\t\t\t\t\t\n\t\t\t\t\t\t\n\t\t\t\t\t\t\t\t\t\t\t<\/div>\n\t\t\t\t<\/div>\n\t\t\t<\/div>\n\t\t\t<div class=\"elementor-flip-box__layer elementor-flip-box__back\">\n\t\t\t<div class=\"elementor-flip-box__layer__overlay\">\n\t\t\t\t<div class=\"elementor-flip-box__layer__inner\">\n\t\t\t\t\t\n\t\t\t\t\t\n\t\t\t\t\t\t\t\t<\/div>\n\t\t<\/div>\n\t\t<\/div>\n\t\t<\/div>\n\t\t\t\t\t\t<\/div>\n\t\t\t\t<\/div>\n\t\t\t\t<div class=\"elementor-element elementor-element-34b62b3 elementor-widget-tablet__width-inherit elementor-widget elementor-widget-heading\" data-id=\"34b62b3\" data-element_type=\"widget\" data-widget_type=\"heading.default\">\n\t\t\t\t<div class=\"elementor-widget-container\">\n\t\t\t\t\t<h2 class=\"elementor-heading-title elementor-size-default\">P. Sylvester Heereman LC\n<\/h2>\t\t\t\t<\/div>\n\t\t\t\t<\/div>\n\t\t\t\t<div class=\"elementor-element elementor-element-b4cc597 elementor-widget-tablet__width-inherit elementor-widget-mobile__width-inherit elementor-widget elementor-widget-text-editor\" data-id=\"b4cc597\" data-element_type=\"widget\" data-widget_type=\"text-editor.default\">\n\t\t\t\t<div class=\"elementor-widget-container\">\n\t\t\t\t\t\t\t\t\t<p>Seit bald 30 Jahren bin ich Mitglied der Legion\u00e4re Christi. Zuletzt war ich verantwortlich f\u00fcr die Priesterausbildung unserer Gemeinschaft. Als Leiter der <a href=\"https:\/\/www.regnumchristi.eu\/de\/component\/k2\/item\/3290-rueckblick-und-perspektiven-der-berufungspastoral-der-legionaere-christi-in-deutschland\/?mtm_campaign=homepage&amp;mtm_kwd=messintentionen\">Berufungspastoral<\/a> biete ich Exerzitien, Einkehrtage und geistliche Begleitung an.<\/p><p>Ich wohne in unserem <a href=\"https:\/\/www.apostelhaus-alzgern.de\/?mtm_campaign=homepage&amp;mtm_kwd=messintentionen\">ApostelHaus in Alzgern<\/a> und feiere dort (oder anderswo) t\u00e4glich die Eucharistie. In ihr darf ich die ganze Kraft und Liebe, die im Leben, Sterben und Auferstehen Jesu am Werk ist, auf mich und andere wirken lassen. Die Messintentionen erinnern mich daran, dass Jesus f\u00fcr konkrete Menschen, mit Vor- und Nachnamen, am Werke ist.<\/p>\t\t\t\t\t\t\t\t<\/div>\n\t\t\t\t<\/div>\n\t\t\t\t<div class=\"elementor-element elementor-element-da87fab elementor-hidden-desktop elementor-widget-divider--view-line elementor-widget elementor-widget-divider\" data-id=\"da87fab\" data-element_type=\"widget\" data-widget_type=\"divider.default\">\n\t\t\t\t<div class=\"elementor-widget-container\">\n\t\t\t\t\t\t\t<div class=\"elementor-divider\">\n\t\t\t<span class=\"elementor-divider-separator\">\n\t\t\t\t\t\t<\/span>\n\t\t<\/div>\n\t\t\t\t\t\t<\/div>\n\t\t\t\t<\/div>\n\t\t\t\t<\/div>\n\t\t<div class=\"elementor-element elementor-element-9ddfe11 e-con-full e-flex e-con e-parent\" data-id=\"9ddfe11\" data-element_type=\"container\">\n\t\t\t\t<div class=\"elementor-element elementor-element-ada8e81 elementor-flip-box--effect-fade elementor-widget elementor-widget-flip-box\" data-id=\"ada8e81\" data-element_type=\"widget\" data-widget_type=\"flip-box.default\">\n\t\t\t\t<div class=\"elementor-widget-container\">\n\t\t\t\t\t\t\t<div class=\"elementor-flip-box\" tabindex=\"0\">\n\t\t\t<div class=\"elementor-flip-box__layer elementor-flip-box__front\">\n\t\t\t\t<div class=\"elementor-flip-box__layer__overlay\">\n\t\t\t\t\t<div class=\"elementor-flip-box__layer__inner\">\n\t\t\t\t\t\t\n\t\t\t\t\t\t\n\t\t\t\t\t\t\t\t\t\t\t<\/div>\n\t\t\t\t<\/div>\n\t\t\t<\/div>\n\t\t\t<div class=\"elementor-flip-box__layer elementor-flip-box__back\">\n\t\t\t<div class=\"elementor-flip-box__layer__overlay\">\n\t\t\t\t<div class=\"elementor-flip-box__layer__inner\">\n\t\t\t\t\t\n\t\t\t\t\t\n\t\t\t\t\t\t\t\t<\/div>\n\t\t<\/div>\n\t\t<\/div>\n\t\t<\/div>\n\t\t\t\t\t\t<\/div>\n\t\t\t\t<\/div>\n\t\t\t\t<div class=\"elementor-element elementor-element-d73c19c elementor-widget-tablet__width-inherit elementor-widget elementor-widget-heading\" data-id=\"d73c19c\" data-element_type=\"widget\" data-widget_type=\"heading.default\">\n\t\t\t\t<div class=\"elementor-widget-container\">\n\t\t\t\t\t<h2 class=\"elementor-heading-title elementor-size-default\">P. Karl Maurer LC\n<\/h2>\t\t\t\t<\/div>\n\t\t\t\t<\/div>\n\t\t\t\t<div class=\"elementor-element elementor-element-5ac5384 elementor-widget-tablet__width-inherit elementor-widget-mobile__width-inherit elementor-widget elementor-widget-text-editor\" data-id=\"5ac5384\" data-element_type=\"widget\" data-widget_type=\"text-editor.default\">\n\t\t\t\t<div class=\"elementor-widget-container\">\n\t\t\t\t\t\t\t\t\t<p>Aus \u00d6sterreich stammend, trat ich 1991 in Rom in die Kongregation der Legion\u00e4re Christi ein und wurde dort 2003 zum Priester geweiht. Seit 2022 bin ich Rektor unsere <a href=\"https:\/\/www.regnumchristi.eu\/apostolische-schule\/?mtm_campaign=homepage&amp;mtm_kwd=messintentionen\">Apostolischen Schule in Bad M\u00fcnstereifel<\/a> und feiere dort t\u00e4glich mit unseren Sch\u00fclern die Eucharistie.<\/p><p>F\u00fcr mich ist die Eucharistiefeier der H\u00f6hepunkt des Tages. Es ist f\u00fcr mich immer wieder neu ein Wunder, dass Christus im Priester selbst gegenw\u00e4rtig wird, wenn nicht mehr ich, sondern Jesus selbst die Worte spricht: \u201eDas ist mein Leib\u2026 das ist mein Blut.\u201c Wie sch\u00f6n ist es, in diesen heiligen Momenten die heilige Messe f\u00fcr die Anliegen der Menschen aufzuopfern.<\/p>\t\t\t\t\t\t\t\t<\/div>\n\t\t\t\t<\/div>\n\t\t\t\t<div class=\"elementor-element elementor-element-20da255 elementor-hidden-desktop elementor-hidden-tablet elementor-hidden-mobile elementor-widget-divider--view-line elementor-widget elementor-widget-divider\" data-id=\"20da255\" data-element_type=\"widget\" data-widget_type=\"divider.default\">\n\t\t\t\t<div class=\"elementor-widget-container\">\n\t\t\t\t\t\t\t<div class=\"elementor-divider\">\n\t\t\t<span class=\"elementor-divider-separator\">\n\t\t\t\t\t\t<\/span>\n\t\t<\/div>\n\t\t\t\t\t\t<\/div>\n\t\t\t\t<\/div>\n\t\t\t\t<\/div>\n\t\t\t\t<\/div>\n\t\t\t\t<\/div>\n\t\t<div class=\"elementor-element elementor-element-ef1df26 e-flex e-con-boxed e-con e-parent\" data-id=\"ef1df26\" data-element_type=\"container\">\n\t\t\t\t\t<div class=\"e-con-inner\">\n\t\t\t\t<div class=\"elementor-element elementor-element-9630027 elementor-widget__width-inherit elementor-widget-divider--view-line elementor-widget elementor-widget-divider\" data-id=\"9630027\" data-element_type=\"widget\" data-widget_type=\"divider.default\">\n\t\t\t\t<div class=\"elementor-widget-container\">\n\t\t\t\t\t\t\t<div class=\"elementor-divider\">\n\t\t\t<span class=\"elementor-divider-separator\">\n\t\t\t\t\t\t<\/span>\n\t\t<\/div>\n\t\t\t\t\t\t<\/div>\n\t\t\t\t<\/div>\n\t\t\t\t<div class=\"elementor-element elementor-element-b403a63 elementor-widget__width-inherit elementor-widget elementor-widget-heading\" data-id=\"b403a63\" data-element_type=\"widget\" data-widget_type=\"heading.default\">\n\t\t\t\t<div class=\"elementor-widget-container\">\n\t\t\t\t\t<h2 class=\"elementor-heading-title elementor-size-default\">Wer sind die <br>Legion\u00e4re Christi?<\/h2>\t\t\t\t<\/div>\n\t\t\t\t<\/div>\n\t\t<div class=\"elementor-element elementor-element-ecf8768 e-con-full e-flex e-con e-parent\" data-id=\"ecf8768\" data-element_type=\"container\" data-settings=\"{&quot;background_background&quot;:&quot;classic&quot;}\">\n\t\t\t\t<div class=\"elementor-element elementor-element-8247a5e elementor-widget__width-initial elementor-widget elementor-widget-text-editor\" data-id=\"8247a5e\" data-element_type=\"widget\" data-widget_type=\"text-editor.default\">\n\t\t\t\t<div class=\"elementor-widget-container\">\n\t\t\t\t\t\t\t\t\t<p>Die Legion\u00e4re Christi sind eine junge Ordensgemeinschaft in der katholischen Kirche, eine Kongregation p\u00e4pstlichen Rechts. Gegr\u00fcndet 1941 in Mexiko, wollen wir als Gemeinschaft von Priestern Christus nachfolgen. Die Mutter Gottes ist uns Vorbild im Glauben. Wir sch\u00f6pfen Kraft aus den Sakramenten, dem Gebet und dem Evangelium und leben in Treue zum Papst und den Bisch\u00f6fen. Wir verstehen es als unsere Berufung, die Kirche in der missionarischen Verk\u00fcndigung zu unterst\u00fctzen. Das machen wir durch Jugend- und Familienarbeit, im Einsatz f\u00fcr die Armen und mit Angeboten f\u00fcr Erwachsene. Das Charisma der gelebten J\u00fcngerschaft der Legion\u00e4re Christi zieht sich durch alle Apostolate und verbindet unsere Gemeinschaft auf der ganzen Welt. Seit dem 15. September 2019 bilden die Legion\u00e4re Christi, die Gottgeweihten Frauen und M\u00e4nner des Regnum Christi \u2013 jeweils als Gesellschaft apostolischen Lebens \u2013 und alle Laien im Regnum Christi kirchenrechtlich und von Papst Franziskus approbiert <a href=\"https:\/\/www.regnumchristi.eu\/de\/ueber-uns\/wer-wir-sind\/die-regnum-christi-foederation\/?mtm_campaign=homepage&amp;mtm_kwd=messintentionen\">zusammen eine F\u00f6deration<\/a>.<\/p>\t\t\t\t\t\t\t\t<\/div>\n\t\t\t\t<\/div>\n\t\t<div class=\"elementor-element elementor-element-ae4dfe3 e-con-full e-flex e-con e-parent\" data-id=\"ae4dfe3\" data-element_type=\"container\" data-settings=\"{&quot;background_background&quot;:&quot;classic&quot;}\">\n\t\t\t\t<div class=\"elementor-element elementor-element-405fa26 elementor-align-center elementor-widget elementor-widget-button\" data-id=\"405fa26\" data-element_type=\"widget\" data-widget_type=\"button.default\">\n\t\t\t\t<div class=\"elementor-widget-container\">\n\t\t\t\t\t\t\t\t\t<div class=\"elementor-button-wrapper\">\n\t\t\t\t\t<a class=\"elementor-button elementor-button-link elementor-size-sm\" href=\"https:\/\/www.regnumchristi.eu\/de?mtm_campaign=homepage&#038;mtm_kwd=messintentionen\" target=\"_blank\">\n\t\t\t\t\t\t<span class=\"elementor-button-content-wrapper\">\n\t\t\t\t\t\t\t\t\t<span class=\"elementor-button-text\">Mehr erfahren<\/span>\n\t\t\t\t\t<\/span>\n\t\t\t\t\t<\/a>\n\t\t\t\t<\/div>\n\t\t\t\t\t\t\t\t<\/div>\n\t\t\t\t<\/div>\n\t\t\t\t<\/div>\n\t\t\t\t<\/div>\n\t\t\t\t\t<\/div>\n\t\t\t\t<\/div>\n\t\t<div class=\"elementor-element elementor-element-8375dde e-flex e-con-boxed e-con e-parent\" data-id=\"8375dde\" data-element_type=\"container\">\n\t\t\t\t\t<div class=\"e-con-inner\">\n\t\t\t\t<div class=\"elementor-element elementor-element-b285085 elementor-widget elementor-widget-template\" data-id=\"b285085\" data-element_type=\"widget\" data-widget_type=\"template.default\">\n\t\t\t\t<div class=\"elementor-widget-container\">\n\t\t\t\t\t\t\t<div class=\"elementor-template\">\n\t\t\t\t\t<div data-elementor-type=\"container\" data-elementor-id=\"190\" class=\"elementor elementor-190\" data-elementor-post-type=\"elementor_library\">\n\t\t\t\t<div class=\"elementor-element elementor-element-68992b1c e-con-full e-flex e-con e-parent\" data-id=\"68992b1c\" data-element_type=\"container\">\n\t\t\t\t<div class=\"elementor-element elementor-element-4435eb00 elementor-widget__width-inherit elementor-hidden-tablet elementor-hidden-mobile elementor-widget-divider--view-line elementor-widget elementor-widget-divider\" data-id=\"4435eb00\" data-element_type=\"widget\" data-widget_type=\"divider.default\">\n\t\t\t\t<div class=\"elementor-widget-container\">\n\t\t\t\t\t\t\t<div class=\"elementor-divider\">\n\t\t\t<span class=\"elementor-divider-separator\">\n\t\t\t\t\t\t<\/span>\n\t\t<\/div>\n\t\t\t\t\t\t<\/div>\n\t\t\t\t<\/div>\n\t\t\t\t<div class=\"elementor-element elementor-element-2c69588b elementor-widget__width-inherit elementor-widget elementor-widget-heading\" data-id=\"2c69588b\" data-element_type=\"widget\" data-widget_type=\"heading.default\">\n\t\t\t\t<div class=\"elementor-widget-container\">\n\t\t\t\t\t<h2 class=\"elementor-heading-title elementor-size-default\">Haben Sie Fragen?<\/h2>\t\t\t\t<\/div>\n\t\t\t\t<\/div>\n\t\t\t\t<div class=\"elementor-element elementor-element-19ff31fe elementor-widget__width-initial elementor-widget elementor-widget-text-editor\" data-id=\"19ff31fe\" data-element_type=\"widget\" data-widget_type=\"text-editor.default\">\n\t\t\t\t<div class=\"elementor-widget-container\">\n\t\t\t\t\t\t\t\t\t<p><strong>Wir helfen Ihnen gerne weiter!<\/strong><\/p><p>Bitte rufen Sie uns an:<\/p><p><a href=\"tel:+492218804390\"><strong>+49 221 880 439 0<\/strong><\/a><\/p><p><a href=\"tel:+431513448838\"><strong>+43 1 513 44 88 38<\/strong><\/a><\/p><p>oder schreiben Sie uns eine <strong>E-Mail<\/strong>.<\/p><p>Wir freuen uns \u00fcber Ihr Interesse!<\/p>\t\t\t\t\t\t\t\t<\/div>\n\t\t\t\t<\/div>\n\t\t<div class=\"elementor-element elementor-element-7068b82f e-con-full e-flex e-con e-parent\" data-id=\"7068b82f\" data-element_type=\"container\" data-settings=\"{&quot;background_background&quot;:&quot;classic&quot;}\">\n\t\t\t\t<div class=\"elementor-element elementor-element-62f30c3 elementor-align-center elementor-widget elementor-widget-button\" data-id=\"62f30c3\" data-element_type=\"widget\" data-widget_type=\"button.default\">\n\t\t\t\t<div class=\"elementor-widget-container\">\n\t\t\t\t\t\t\t\t\t<div class=\"elementor-button-wrapper\">\n\t\t\t\t\t<a class=\"elementor-button elementor-button-link elementor-size-sm\" href=\"\/messintentionen\/kontakt\/\">\n\t\t\t\t\t\t<span class=\"elementor-button-content-wrapper\">\n\t\t\t\t\t\t\t\t\t<span class=\"elementor-button-text\">Jetzt anfragen<\/span>\n\t\t\t\t\t<\/span>\n\t\t\t\t\t<\/a>\n\t\t\t\t<\/div>\n\t\t\t\t\t\t\t\t<\/div>\n\t\t\t\t<\/div>\n\t\t\t\t<\/div>\n\t\t\t\t<\/div>\n\t\t\t\t<\/div>\n\t\t\t\t<\/div>\n\t\t\t\t\t\t<\/div>\n\t\t\t\t<\/div>\n\t\t\t\t\t<\/div>\n\t\t\t\t<\/div>\n\t\t\t\t<\/div>\n\t\t","protected":false},"excerpt":{"rendered":"<p>Wem kommen Ihre Mess-Stipendien zugute? Die Priesterkongregation der Legion\u00e4re Christi wurde 1941 gegr\u00fcndet, sie geh\u00f6rt damit zu den jungen Gemeinschaften in der katholischen Kirche. Derzeit geh\u00f6ren ihr 950 Priester an, welche in den unterschiedlichsten Bereichen der Seelsorge und Mission t\u00e4tig sind, ob in Universit\u00e4ten, in der Kinder- und Jugendseelsorge, in Pfarreien, in der Ehepastoral, im [&hellip;]<\/p>\n","protected":false},"author":2,"featured_media":0,"parent":0,"menu_order":0,"comment_status":"closed","ping_status":"closed","template":"","meta":{"footnotes":""},"class_list":["post-208","page","type-page","status-publish","hentry"],"_links":{"self":[{"href":"https:\/\/www.regnumchristi.eu\/messintentionen\/wp-json\/wp\/v2\/pages\/208","targetHints":{"allow":["GET"]}}],"collection":[{"href":"https:\/\/www.regnumchristi.eu\/messintentionen\/wp-json\/wp\/v2\/pages"}],"about":[{"href":"https:\/\/www.regnumchristi.eu\/messintentionen\/wp-json\/wp\/v2\/types\/page"}],"author":[{"embeddable":true,"href":"https:\/\/www.regnumchristi.eu\/messintentionen\/wp-json\/wp\/v2\/users\/2"}],"replies":[{"embeddable":true,"href":"https:\/\/www.regnumchristi.eu\/messintentionen\/wp-json\/wp\/v2\/comments?post=208"}],"version-history":[{"count":202,"href":"https:\/\/www.regnumchristi.eu\/messintentionen\/wp-json\/wp\/v2\/pages\/208\/revisions"}],"predecessor-version":[{"id":1119,"href":"https:\/\/www.regnumchristi.eu\/messintentionen\/wp-json\/wp\/v2\/pages\/208\/revisions\/1119"}],"wp:attachment":[{"href":"https:\/\/www.regnumchristi.eu\/messintentionen\/wp-json\/wp\/v2\/media?parent=208"}],"curies":[{"name":"wp","href":"https:\/\/api.w.org\/{rel}","templated":true}]}}